{"version":"1.0","provider_name":"Experiencia Florida: Blog","provider_url":"https:\/\/blogs.florida.es\/floridauniversitariablog","author_name":"mtmoreno@florida.local","author_url":"https:\/\/blogs.florida.es\/floridauniversitariablog\/author\/mtmoreno\/","title":"No escric \u00e8glogues... i s\u00f3c dona. - Experiencia Florida: Blog","type":"rich","width":600,"height":338,"html":"<blockquote class=\"wp-embedded-content\" data-secret=\"J8LNqNzhV2\"><a href=\"https:\/\/blogs.florida.es\/floridauniversitariablog\/2016\/03\/no-escric-eglogues-i-soc-dona\/\">No escric \u00e8glogues&#8230; i s\u00f3c dona.<\/a><\/blockquote><iframe sandbox=\"allow-scripts\" security=\"restricted\" src=\"https:\/\/blogs.florida.es\/floridauniversitariablog\/2016\/03\/no-escric-eglogues-i-soc-dona\/embed\/#?secret=J8LNqNzhV2\" width=\"600\" height=\"338\" title=\"\u00abNo escric \u00e8glogues&#8230; i s\u00f3c dona.\u00bb \u2014 Experiencia Florida: Blog\" data-secret=\"J8LNqNzhV2\" frameborder=\"0\" marginwidth=\"0\" marginheight=\"0\" scrolling=\"no\" class=\"wp-embedded-content\"><\/iframe><script type=\"text\/javascript\">\n\/* <![CDATA[ *\/\n\/*! This file is auto-generated *\/\n!function(d,l){\"use strict\";l.querySelector&&d.addEventListener&&\"undefined\"!=typeof URL&&(d.wp=d.wp||{},d.wp.receiveEmbedMessage||(d.wp.receiveEmbedMessage=function(e){var t=e.data;if((t||t.secret||t.message||t.value)&&!\/[^a-zA-Z0-9]\/.test(t.secret)){for(var s,r,n,a=l.querySelectorAll('iframe[data-secret=\"'+t.secret+'\"]'),o=l.querySelectorAll('blockquote[data-secret=\"'+t.secret+'\"]'),c=new RegExp(\"^https?:$\",\"i\"),i=0;i<o.length;i++)o[i].style.display=\"none\";for(i=0;i<a.length;i++)s=a[i],e.source===s.contentWindow&&(s.removeAttribute(\"style\"),\"height\"===t.message?(1e3<(r=parseInt(t.value,10))?r=1e3:~~r<200&&(r=200),s.height=r):\"link\"===t.message&&(r=new URL(s.getAttribute(\"src\")),n=new URL(t.value),c.test(n.protocol))&&n.host===r.host&&l.activeElement===s&&(d.top.location.href=t.value))}},d.addEventListener(\"message\",d.wp.receiveEmbedMessage,!1),l.addEventListener(\"DOMContentLoaded\",function(){for(var e,t,s=l.querySelectorAll(\"iframe.wp-embedded-content\"),r=0;r<s.length;r++)(t=(e=s[r]).getAttribute(\"data-secret\"))||(t=Math.random().toString(36).substring(2,12),e.src+=\"#?secret=\"+t,e.setAttribute(\"data-secret\",t)),e.contentWindow.postMessage({message:\"ready\",secret:t},\"*\")},!1)))}(window,document);\n\/* ]]> *\/\n<\/script>\n","description":"El recital po\u00e8tic \u00abNo escric \u00e8glogues\u00bb d&#8217;enguany se celebrar\u00e0 el pr\u00f2xim 8 de mar\u00e7, Dia de la Dona. Per aix\u00f2, entre els poemes habituals de reivindicaci\u00f3 social, \u00a0amor er\u00f2tic, i de reflexi\u00f3 sobre la condici\u00f3 humana\u00a0que l&#8217;alumnat de 1r curs dels Graus d&#8217;Educaci\u00f3 recitar\u00e0 i musicar\u00e0, s&#8217;inclouen en aquesta edici\u00f3 poemes d&#8217;autores amb especial rellev\u00e0ncia [&hellip;]","thumbnail_url":"https:\/\/floridauniversitariaeducacion.files.wordpress.com\/2016\/03\/recital.jpg"}