{"version":"1.0","provider_name":"Experiencia Florida: Blog","provider_url":"https:\/\/blogs.florida.es\/floridauniversitariablog","author_name":"mtmoreno@florida.local","author_url":"https:\/\/blogs.florida.es\/floridauniversitariablog\/author\/mtmoreno\/","title":"BONAF\u00c9 Y EL VIAJE DE LA EDUCACI\u00d3N - Experiencia Florida: Blog","type":"rich","width":600,"height":338,"html":"<blockquote class=\"wp-embedded-content\" data-secret=\"e21cdTQ7Fs\"><a href=\"https:\/\/blogs.florida.es\/floridauniversitariablog\/2017\/12\/bonafe-y-el-viaje-de-la-educacion\/\">BONAF\u00c9 Y EL VIAJE DE LA EDUCACI\u00d3N<\/a><\/blockquote><iframe sandbox=\"allow-scripts\" security=\"restricted\" src=\"https:\/\/blogs.florida.es\/floridauniversitariablog\/2017\/12\/bonafe-y-el-viaje-de-la-educacion\/embed\/#?secret=e21cdTQ7Fs\" width=\"600\" height=\"338\" title=\"\u00abBONAF\u00c9 Y EL VIAJE DE LA EDUCACI\u00d3N\u00bb \u2014 Experiencia Florida: Blog\" data-secret=\"e21cdTQ7Fs\" frameborder=\"0\" marginwidth=\"0\" marginheight=\"0\" scrolling=\"no\" class=\"wp-embedded-content\"><\/iframe><script type=\"text\/javascript\">\n\/* <![CDATA[ *\/\n\/*! This file is auto-generated *\/\n!function(d,l){\"use strict\";l.querySelector&&d.addEventListener&&\"undefined\"!=typeof URL&&(d.wp=d.wp||{},d.wp.receiveEmbedMessage||(d.wp.receiveEmbedMessage=function(e){var t=e.data;if((t||t.secret||t.message||t.value)&&!\/[^a-zA-Z0-9]\/.test(t.secret)){for(var s,r,n,a=l.querySelectorAll('iframe[data-secret=\"'+t.secret+'\"]'),o=l.querySelectorAll('blockquote[data-secret=\"'+t.secret+'\"]'),c=new RegExp(\"^https?:$\",\"i\"),i=0;i<o.length;i++)o[i].style.display=\"none\";for(i=0;i<a.length;i++)s=a[i],e.source===s.contentWindow&&(s.removeAttribute(\"style\"),\"height\"===t.message?(1e3<(r=parseInt(t.value,10))?r=1e3:~~r<200&&(r=200),s.height=r):\"link\"===t.message&&(r=new URL(s.getAttribute(\"src\")),n=new URL(t.value),c.test(n.protocol))&&n.host===r.host&&l.activeElement===s&&(d.top.location.href=t.value))}},d.addEventListener(\"message\",d.wp.receiveEmbedMessage,!1),l.addEventListener(\"DOMContentLoaded\",function(){for(var e,t,s=l.querySelectorAll(\"iframe.wp-embedded-content\"),r=0;r<s.length;r++)(t=(e=s[r]).getAttribute(\"data-secret\"))||(t=Math.random().toString(36).substring(2,12),e.src+=\"#?secret=\"+t,e.setAttribute(\"data-secret\",t)),e.contentWindow.postMessage({message:\"ready\",secret:t},\"*\")},!1)))}(window,document);\n\/* ]]> *\/\n<\/script>\n","description":"Jaume Mart\u00ednez Bonaf\u00e9, profesor y pedagogo jubilado, defensor de la Escuela Nueva, vino a la clase de 1\u00ba de Magisterio Infantil y Primaria el pasado lunes d\u00eda 11 de diciembre. En esta visita nos cont\u00f3 en primera persona su experiencia tanto personal como profesional en el \u00e1mbito de la educaci\u00f3n. Adem\u00e1s de esto, nos hizo [&hellip;]","thumbnail_url":"https:\/\/floridauniversitariaeducacion.files.wordpress.com\/2017\/12\/jaume-martinez-bonafe.jpg"}